{"id":408,"date":"2015-07-08T10:35:25","date_gmt":"2015-07-08T08:35:25","guid":{"rendered":"https:\/\/www.capalest.com\/umelci-2\/"},"modified":"2017-07-11T10:00:23","modified_gmt":"2017-07-11T08:00:23","slug":"poetes-old","status":"publish","type":"page","link":"https:\/\/www.capalest.com\/fr\/poetes-old\/","title":{"rendered":"Po\u00e8tes"},"content":{"rendered":"[vc_row type=\u00a0\u00bbfull_width_content\u00a0\u00bb bg_position=\u00a0\u00bbleft top\u00a0\u00bb bg_repeat=\u00a0\u00bbno-repeat\u00a0\u00bb scene_position=\u00a0\u00bbcenter\u00a0\u00bb text_color=\u00a0\u00bbdark\u00a0\u00bb text_align=\u00a0\u00bbleft\u00a0\u00bb][vc_column width=\u00a0\u00bb1\/2&Prime;]<div class=\"img-with-aniamtion-wrap right\" data-max-width=\"100%\" data-border-radius=\"\"><div class=\"inner\"><img loading=\"lazy\" decoding=\"async\" data-shadow=\"none\" data-shadow-direction=\"middle\" class=\"img-with-animation image_width\" data-delay=\"0\" height=\"420\" width=\"600\" data-animation=\"fade-in\" src=\"https:\/\/www.capalest.com\/wp-content\/uploads\/2015\/07\/6.jpg\" srcset=\"https:\/\/www.capalest.com\/wp-content\/uploads\/2015\/07\/6.jpg 600w, https:\/\/www.capalest.com\/wp-content\/uploads\/2015\/07\/6-300x210.jpg 300w\" sizes=\"auto, 100vw\" alt=\"\" \/><\/div><\/div>[\/vc_column][vc_column width=\u00a0\u00bb1\/2&Prime;][vc_column_text el_class=\u00a0\u00bbtext_center\u00a0\u00bb]\n<h3>Po\u00e8tes<\/h3>\n<table>\n<tbody>\n<tr>\n<td><strong>Slovaquie:<\/strong><\/td>\n<td>Albert Maren\u010din, J\u00e1n \u0160vantner, Jozef Mihalkovi\u010d, Dana Podrack\u00e1, Michal Habaj, M\u00e1ria Feren\u010duhov\u00e1, Jaroslav Klus, Mila Haugov\u00e1, Elene Hidv\u00e9ghyov\u00e1-Yung, Igor Hochel, Peter \u0160ulej, Boris Brendza, Erik Ondreji\u010dka, Miroslav Bruck, Pavol Garan, Andrej \u0160eliga, Milan Richter<\/td>\n<\/tr>\n<tr>\n<td><strong>Roumanie:<\/strong><\/td>\n<td>Ruxandra Cesereanu, Alexandru Matei, Simona Popescu \u2013 Lefter, Razvan Tupa, Calin Vlasie, Andr\u00e1s Visky, Ioana Nicolaie, Sorin Ghergut, Elena Vladareanu<\/td>\n<\/tr>\n<tr>\n<td><strong>Magyar:<\/strong><\/td>\n<td>Krisztina T\u00f3th<\/td>\n<\/tr>\n<tr>\n<td style=\"width: 150px!important;\"><strong>la R\u00e9publique tch\u00e8que:<\/strong><\/td>\n<td>Alena N\u00e1dvorn\u00edkov\u00e1, Petr Skarlant, Pavel Kolma\u010dka<\/td>\n<\/tr>\n<tr>\n<td><strong>Moldavie:<\/strong><\/td>\n<td>Irina Nechit<\/td>\n<\/tr>\n<tr>\n<td><strong>Bulgarie:<\/strong><\/td>\n<td>Aksinia Mihailova, Kiril Kadiiski, Dostena Lavergne<\/td>\n<\/tr>\n<tr>\n<td><strong>Gr\u00e8ce:<\/strong><\/td>\n<td>Stratis Paschalis, Titos Patrikios, Christophoros Liondakis, Yannis Zervas, Vassilis Rouvalis, Panos Stathoyannis, Dimitris Chouliarakis<\/td>\n<\/tr>\n<tr>\n<td><strong>Pologne:<\/strong><\/td>\n<td>Adam Wodnicki, Krystyna Rodowska, Marcin Sendecki, Antoni Pawlak, Artur Szlosarek, Catherine Bienkowska<\/td>\n<\/tr>\n<tr>\n<td><strong>Mac\u00e9donien:<\/strong><\/td>\n<td>Eftim Kletnikov, Radovan Pavlovski, Trajce Kacerov<\/td>\n<\/tr>\n<tr>\n<td><strong>Lituanie:<\/strong><\/td>\n<td>Vladas Braziunas, Agne Zagrakalyte, Dainius Gintalas<\/td>\n<\/tr>\n<tr>\n<td><strong>Lettonie:<\/strong><\/td>\n<td>Dagnija Dreika, Margita Gailitis, Janis Elsbergs<\/td>\n<\/tr>\n<tr>\n<td><strong>Serbie:<\/strong><\/td>\n<td>Boris Lazic<\/td>\n<\/tr>\n<tr>\n<td><strong>Slov\u00e9nie:<\/strong><\/td>\n<td>Barbara Poga\u010dnik, Primo\u017e Repar, Taja Kramberger<\/td>\n<\/tr>\n<tr>\n<td><strong>France:<\/strong><\/td>\n<td>Bernard No\u00ebl, Guy Goffette, Jean-Pierre Lemaire, Jeanine Baude, Pierre Oster, Nadia Fidji, Jean Mettelus<\/td>\n<\/tr>\n<tr>\n<td><strong>Italie:<\/strong><\/td>\n<td>Tiziana Colusso, Claudio Pozzani, Franco Falasca<\/td>\n<\/tr>\n<tr>\n<td><strong>Les slovaques vivantes \u00e0 l&rsquo;\u00e9tranger<\/strong><\/td>\n<td>M\u00e1ria Fazeka\u0161ov\u00e1 (Magyar), Miroslav Dem\u00e1k (Serbie), Dagmar M\u00e1ria Anoca (Roumanie), Stanislava Chrob\u00e1kov\u00e1-Repar (Slov\u00e9nie)<\/td>\n<\/tr>\n<\/tbody>\n<\/table>\n[\/vc_column_text][\/vc_column][\/vc_row]\n","protected":false},"excerpt":{"rendered":"<p>[vc_row type=\u00a0\u00bbfull_width_content\u00a0\u00bb bg_position=\u00a0\u00bbleft top\u00a0\u00bb bg_repeat=\u00a0\u00bbno-repeat\u00a0\u00bb scene_position=\u00a0\u00bbcenter\u00a0\u00bb text_color=\u00a0\u00bbdark\u00a0\u00bb text_align=\u00a0\u00bbleft\u00a0\u00bb][vc_column width=\u00a0\u00bb1\/2&Prime;][\/vc_column][vc_column width=\u00a0\u00bb1\/2&Prime;][vc_column_text el_class=\u00a0\u00bbtext_center\u00a0\u00bb] Po\u00e8tes Slovaquie: Albert Maren\u010din, J\u00e1n \u0160vantner, Jozef Mihalkovi\u010d, Dana Podrack\u00e1, Michal Habaj, M\u00e1ria Feren\u010duhov\u00e1, Jaroslav Klus, Mila Haugov\u00e1, Elene Hidv\u00e9ghyov\u00e1-Yung, Igor Hochel, Peter \u0160ulej, Boris Brendza, Erik Ondreji\u010dka, Miroslav&#8230;<\/p>\n","protected":false},"author":1,"featured_media":0,"parent":0,"menu_order":0,"comment_status":"open","ping_status":"open","template":"","meta":{"footnotes":""},"class_list":["post-408","page","type-page","status-publish"],"aioseo_notices":[],"_links":{"self":[{"href":"https:\/\/www.capalest.com\/fr\/wp-json\/wp\/v2\/pages\/408","targetHints":{"allow":["GET"]}}],"collection":[{"href":"https:\/\/www.capalest.com\/fr\/wp-json\/wp\/v2\/pages"}],"about":[{"href":"https:\/\/www.capalest.com\/fr\/wp-json\/wp\/v2\/types\/page"}],"author":[{"embeddable":true,"href":"https:\/\/www.capalest.com\/fr\/wp-json\/wp\/v2\/users\/1"}],"replies":[{"embeddable":true,"href":"https:\/\/www.capalest.com\/fr\/wp-json\/wp\/v2\/comments?post=408"}],"version-history":[{"count":9,"href":"https:\/\/www.capalest.com\/fr\/wp-json\/wp\/v2\/pages\/408\/revisions"}],"predecessor-version":[{"id":717,"href":"https:\/\/www.capalest.com\/fr\/wp-json\/wp\/v2\/pages\/408\/revisions\/717"}],"wp:attachment":[{"href":"https:\/\/www.capalest.com\/fr\/wp-json\/wp\/v2\/media?parent=408"}],"curies":[{"name":"wp","href":"https:\/\/api.w.org\/{rel}","templated":true}]}}